{"id":26043668,"date":"2025-01-17T10:15:46","date_gmt":"2025-01-17T10:15:46","guid":{"rendered":"https:\/\/kempentransport.nl\/unsere-geschichte\/"},"modified":"2025-05-12T08:21:15","modified_gmt":"2025-05-12T08:21:15","slug":"unsere-geschichte","status":"publish","type":"page","link":"https:\/\/kempentransport.nl\/de\/unsere-geschichte\/","title":{"rendered":"Unsere Geschichte"},"content":{"rendered":"<p>[et_pb_section fb_built=&#8220;1&#8243; custom_padding_last_edited=&#8220;on|phone&#8220; _builder_version=&#8220;4.25.2&#8243; _module_preset=&#8220;default&#8220; background_enable_color=&#8220;off&#8220; use_background_color_gradient=&#8220;on&#8220; background_color_gradient_direction=&#8220;90deg&#8220; background_color_gradient_stops=&#8220;#191c36 0%|rgba(41,196,169,0) 100%&#8220; background_image=&#8220;https:\/\/kempentransport.nl\/wp-content\/uploads\/2025\/01\/Kempen-onze-geschiedenis.webp&#8220; background_position=&#8220;center_left&#8220; background_blend=&#8220;multiply&#8220; background_enable_video_mp4=&#8220;off&#8220; z_index=&#8220;999&#8243; custom_padding=&#8220;45vh||10vh||false|false&#8220; custom_padding_tablet=&#8220;10vh||10vh||true|false&#8220; custom_padding_phone=&#8220;10vh||10vh||true|false&#8220; border_color_bottom=&#8220;#e21e18&#8243; locked=&#8220;off&#8220; global_colors_info=&#8220;{}&#8220;][et_pb_row custom_padding_last_edited=&#8220;on|phone&#8220; _builder_version=&#8220;4.25.2&#8243; _module_preset=&#8220;default&#8220; z_index=&#8220;2&#8243; max_width=&#8220;1440px&#8220; custom_padding=&#8220;0px||0px||true|&#8220; custom_padding_tablet=&#8220;&#8220; custom_padding_phone=&#8220;30px||||false|false&#8220; animation_direction=&#8220;top&#8220; global_colors_info=&#8220;{}&#8220; use_custom_gutter=&#8220;on&#8220; gutter_width=&#8220;2&#8243; make_equal=&#8220;on&#8220;][et_pb_column type=&#8220;4_4&#8243; _builder_version=&#8220;4.16&#8243; _module_preset=&#8220;default&#8220; global_colors_info=&#8220;{}&#8220;][et_pb_text _builder_version=&#8220;4.25.2&#8243; _module_preset=&#8220;default&#8220; text_font=&#8220;Inter|800|||||||&#8220; text_text_color=&#8220;#FFFFFF&#8220; text_font_size=&#8220;55px&#8220; text_line_height=&#8220;1.2em&#8220; global_colors_info=&#8220;{}&#8220;]<\/p>\n<p>Fast 100 Jahre unterwegs<\/p>\n<p>[\/et_pb_text][et_pb_image src=&#8220;https:\/\/kempentransport.nl\/wp-content\/uploads\/2024\/06\/Kempen-logo-web.png&#8220; title_text=&#8220;Kempen logo web&#8220; _builder_version=&#8220;4.25.2&#8243; _module_preset=&#8220;default&#8220; width=&#8220;13%&#8220; max_width=&#8220;13%&#8220; global_colors_info=&#8220;{}&#8220;][\/et_pb_image][\/et_pb_column][\/et_pb_row][\/et_pb_section][et_pb_section fb_built=&#8220;1&#8243; disabled_on=&#8220;off|off|off&#8220; _builder_version=&#8220;4.25.2&#8243; _module_preset=&#8220;default&#8220; min_height=&#8220;412.1px&#8220; custom_padding=&#8220;60px||60px||true|false&#8220; global_colors_info=&#8220;{}&#8220;][et_pb_row column_structure=&#8220;1_2,1_2&#8243; use_custom_gutter=&#8220;on&#8220; gutter_width=&#8220;2&#8243; make_equal=&#8220;on&#8220; _builder_version=&#8220;4.25.2&#8243; _module_preset=&#8220;default&#8220; max_width=&#8220;1440px&#8220; global_colors_info=&#8220;{}&#8220;][et_pb_column type=&#8220;1_2&#8243; _builder_version=&#8220;4.25.2&#8243; _module_preset=&#8220;default&#8220; global_colors_info=&#8220;{}&#8220;][et_pb_text _builder_version=&#8220;4.25.2&#8243; _module_preset=&#8220;default&#8220; header_font=&#8220;Inter|800|||||||&#8220; header_font_size=&#8220;45px&#8220; locked=&#8220;off&#8220; global_colors_info=&#8220;{}&#8220;]<\/p>\n<h1>Von Pferd und Wagen bis hin zu modernen K\u00fchltrailern<\/h1>\n<p>[\/et_pb_text][\/et_pb_column][et_pb_column type=&#8220;1_2&#8243; _builder_version=&#8220;4.25.2&#8243; _module_preset=&#8220;default&#8220; global_colors_info=&#8220;{}&#8220;][et_pb_text _builder_version=&#8220;4.25.2&#8243; _module_preset=&#8220;default&#8220; text_font=&#8220;DM Sans||||||||&#8220; text_font_size=&#8220;16px&#8220; global_colors_info=&#8220;{}&#8220;]<\/p>\n<p>Von Pferd und Wagen bis hin zu modernen K\u00fchlanh\u00e4ngern\u2014Kempen Transport w\u00e4chst seit 1928 mit einem Ziel: der Beste im temperaturgef\u00fchrten Transport zu bleiben. Was in Tegelen begann, mit Graad Kempen, der Tonwaren zwischen Tegelen und Maastricht transportierte, ist heute ein Familienunternehmen mit mehr als 250 spezielle Sattelz\u00fcge und Auflieger sowie fast 40 Verladerampen.<\/p>\n<p>Wie Gerard Kempen sagt: <strong>\u201eEin Versprechen ist ein Versprechen.\u201c<\/strong> Mit dieser limburgischen Bodenst\u00e4ndigkeit und unserem Einweihung vertrauen Kunden seit fast 100 Jahren auf unseren Service.<\/p>\n<p>[\/et_pb_text][\/et_pb_column][\/et_pb_row][\/et_pb_section][et_pb_section fb_built=&#8220;1&#8243; _builder_version=&#8220;4.25.2&#8243; _module_preset=&#8220;default&#8220; custom_padding=&#8220;0px||0px||false|false&#8220; global_colors_info=&#8220;{}&#8220;][et_pb_row column_structure=&#8220;1_4,1_4,1_4,1_4&#8243; use_custom_gutter=&#8220;on&#8220; gutter_width=&#8220;1&#8243; make_equal=&#8220;on&#8220; _builder_version=&#8220;4.25.2&#8243; _module_preset=&#8220;default&#8220; width=&#8220;100%&#8220; width_tablet=&#8220;100%&#8220; width_phone=&#8220;90%&#8220; width_last_edited=&#8220;on|phone&#8220; max_width=&#8220;2560px&#8220; max_width_tablet=&#8220;1440px&#8220; max_width_phone=&#8220;90%&#8220; max_width_last_edited=&#8220;on|phone&#8220; global_colors_info=&#8220;{}&#8220;][et_pb_column type=&#8220;1_4&#8243; _builder_version=&#8220;4.25.2&#8243; _module_preset=&#8220;default&#8220; global_colors_info=&#8220;{}&#8220;][et_pb_image src=&#8220;https:\/\/kempentransport.nl\/wp-content\/uploads\/2025\/01\/Kempen-oud-1.webp&#8220; title_text=&#8220;Kempen-oud-1&#8243; _builder_version=&#8220;4.25.2&#8243; _module_preset=&#8220;default&#8220; global_colors_info=&#8220;{}&#8220;][\/et_pb_image][\/et_pb_column][et_pb_column type=&#8220;1_4&#8243; _builder_version=&#8220;4.25.2&#8243; _module_preset=&#8220;default&#8220; global_colors_info=&#8220;{}&#8220;][et_pb_image src=&#8220;https:\/\/kempentransport.nl\/wp-content\/uploads\/2025\/01\/Kempen-oud-6.webp&#8220; title_text=&#8220;Kempen-oud-6&#8243; _builder_version=&#8220;4.25.2&#8243; _module_preset=&#8220;default&#8220; global_colors_info=&#8220;{}&#8220;][\/et_pb_image][\/et_pb_column][et_pb_column type=&#8220;1_4&#8243; _builder_version=&#8220;4.25.2&#8243; _module_preset=&#8220;default&#8220; global_colors_info=&#8220;{}&#8220;][et_pb_image src=&#8220;https:\/\/kempentransport.nl\/wp-content\/uploads\/2025\/01\/Kempen-oud-2.webp&#8220; title_text=&#8220;Kempen-oud-2&#8243; _builder_version=&#8220;4.25.2&#8243; _module_preset=&#8220;default&#8220; global_colors_info=&#8220;{}&#8220;][\/et_pb_image][\/et_pb_column][et_pb_column type=&#8220;1_4&#8243; _builder_version=&#8220;4.25.2&#8243; _module_preset=&#8220;default&#8220; global_colors_info=&#8220;{}&#8220;][et_pb_image src=&#8220;https:\/\/kempentransport.nl\/wp-content\/uploads\/2025\/01\/Kempen-oud-5.webp&#8220; title_text=&#8220;Kempen-oud-5&#8243; _builder_version=&#8220;4.25.2&#8243; _module_preset=&#8220;default&#8220; global_colors_info=&#8220;{}&#8220;][\/et_pb_image][\/et_pb_column][\/et_pb_row][\/et_pb_section][et_pb_section fb_built=&#8220;1&#8243; _builder_version=&#8220;4.25.2&#8243; background_enable_color=&#8220;off&#8220; custom_margin=&#8220;||||true|false&#8220; custom_padding=&#8220;||91px|||&#8220; custom_css_main_element=&#8220;background-repeat: repeat;||background-size: initial;&#8220; transparent_background=&#8220;off&#8220; make_fullwidth=&#8220;off&#8220; use_custom_width=&#8220;off&#8220; width_unit=&#8220;on&#8220; global_colors_info=&#8220;{}&#8220;][et_pb_row column_structure=&#8220;1_2,1_2&#8243; use_custom_gutter=&#8220;on&#8220; gutter_width=&#8220;2&#8243; make_equal=&#8220;on&#8220; _builder_version=&#8220;4.16&#8243; max_width=&#8220;1440px&#8220; make_fullwidth=&#8220;off&#8220; use_custom_width=&#8220;off&#8220; width_unit=&#8220;on&#8220; global_colors_info=&#8220;{}&#8220;][et_pb_column type=&#8220;1_2&#8243; _builder_version=&#8220;4.16&#8243; custom_padding=&#8220;|||&#8220; global_colors_info=&#8220;{}&#8220; custom_padding__hover=&#8220;|||&#8220;][et_pb_text _builder_version=&#8220;4.25.2&#8243; _module_preset=&#8220;default&#8220; header_text_color=&#8220;#191C36&#8243; header_2_font=&#8220;Inter|800|||||||&#8220; header_2_text_align=&#8220;left&#8220; header_2_text_color=&#8220;#191C36&#8243; header_2_font_size=&#8220;45px&#8220; custom_margin=&#8220;24px||17px||false|false&#8220; custom_padding=&#8220;0px||0px||false|false&#8220; header_2_font_size_tablet=&#8220;57px&#8220; header_2_font_size_phone=&#8220;30px&#8220; header_2_font_size_last_edited=&#8220;on|phone&#8220; global_colors_info=&#8220;{}&#8220;]<\/p>\n<h2>Gerard Kempen<\/h2>\n<p>[\/et_pb_text][et_pb_text _builder_version=&#8220;4.25.2&#8243; _module_preset=&#8220;default&#8220; text_font=&#8220;DM Sans||||||||&#8220; text_font_size=&#8220;15px&#8220; global_colors_info=&#8220;{}&#8220;]<\/p>\n<p>Als Gerard Kempen mit 17 Jahren in das Familienunternehmen eintrat, war er bereit, den n\u00e4chsten Schritt zu gehen. Wo einst Pferd und Wagen im Einsatz waren, standen nun drei Fahrzeuge bereit, um Waren in ganz Europa zu transportieren. Nach dem Tod seines Vaters \u00fcbernahm Gerard zusammen mit seinem Bruder die Leitung des Unternehmens und baute den Betrieb schnell aus.<\/p>\n<p>986 machte Kempen Transport einen wichtigen Schritt mit dem Umzug zur Versteigerung. Anfangs noch mit Planenanh\u00e4ngern, aber als die Nachfrage nach K\u00fchltransporten wuchs, reagierte Kempen sofort. So etablierte sich das Unternehmen als der Spezialist f\u00fcr den Transport von Obst und Gem\u00fcse unter kontrollierten Bedingungen.<\/p>\n<p>2016 zogen wir an unseren heutigen Standort: ein modernes Geb\u00e4ude mit fast 40 Verladerampen, nachhaltigen K\u00fchlzellen und modernen B\u00fcros. Hier, in unserem zukunftsorientierten Unternehmen, setzen wir unsere Mission fort: Qualit\u00e4t ohne Kompromisse zu liefern.<\/p>\n<p>[\/et_pb_text][\/et_pb_column][et_pb_column type=&#8220;1_2&#8243; _builder_version=&#8220;4.16&#8243; custom_padding=&#8220;|||&#8220; global_colors_info=&#8220;{}&#8220; custom_padding__hover=&#8220;|||&#8220;][et_pb_image src=&#8220;https:\/\/kempentransport.nl\/wp-content\/uploads\/2025\/01\/Kempen-oud-7.webp&#8220; title_text=&#8220;Kempen-oud-7&#8243; _builder_version=&#8220;4.25.2&#8243; _module_preset=&#8220;default&#8220; global_colors_info=&#8220;{}&#8220;][\/et_pb_image][\/et_pb_column][\/et_pb_row][et_pb_row column_structure=&#8220;1_2,1_2&#8243; use_custom_gutter=&#8220;on&#8220; gutter_width=&#8220;2&#8243; make_equal=&#8220;on&#8220; _builder_version=&#8220;4.25.2&#8243; max_width=&#8220;1440px&#8220; make_fullwidth=&#8220;off&#8220; use_custom_width=&#8220;off&#8220; width_unit=&#8220;on&#8220; global_colors_info=&#8220;{}&#8220;][et_pb_column type=&#8220;1_2&#8243; _builder_version=&#8220;4.16&#8243; custom_padding=&#8220;|||&#8220; global_colors_info=&#8220;{}&#8220; custom_padding__hover=&#8220;|||&#8220;][et_pb_image src=&#8220;https:\/\/kempentransport.nl\/wp-content\/uploads\/2025\/01\/Kempen-oud-8.webp&#8220; title_text=&#8220;Kempen-oud-8&#8243; _builder_version=&#8220;4.25.2&#8243; _module_preset=&#8220;default&#8220; global_colors_info=&#8220;{}&#8220;][\/et_pb_image][\/et_pb_column][et_pb_column type=&#8220;1_2&#8243; _builder_version=&#8220;4.16&#8243; custom_padding=&#8220;|||&#8220; global_colors_info=&#8220;{}&#8220; custom_padding__hover=&#8220;|||&#8220;][et_pb_text _builder_version=&#8220;4.25.2&#8243; _module_preset=&#8220;default&#8220; header_text_color=&#8220;#191C36&#8243; header_2_font=&#8220;Inter|800|||||||&#8220; header_2_text_align=&#8220;left&#8220; header_2_text_color=&#8220;#191C36&#8243; header_2_font_size=&#8220;45px&#8220; custom_margin=&#8220;24px||17px||false|false&#8220; custom_padding=&#8220;0px||0px||false|false&#8220; header_2_font_size_tablet=&#8220;57px&#8220; header_2_font_size_phone=&#8220;30px&#8220; header_2_font_size_last_edited=&#8220;on|phone&#8220; global_colors_info=&#8220;{}&#8220;]<\/p>\n<h2>Wie der Vater, so die Tochter<\/h2>\n<p>[\/et_pb_text][et_pb_text _builder_version=&#8220;4.25.2&#8243; _module_preset=&#8220;default&#8220; text_font=&#8220;DM Sans||||||||&#8220; text_font_size=&#8220;15px&#8220; global_colors_info=&#8220;{}&#8220;]<\/p>\n<p>Heute steht Nancy Kempen, die dritte Generation, stolz an der Spitze des Familienunternehmens. Aufgewachsen zwischen den Lkw hat sie die Leidenschaft f\u00fcr Transport und Unternehmertum von klein auf mitbekommen. Gemeinsam mit einem engagierten Team\u2014von denen einige bereits seit den Anf\u00e4ngen dabei sind\u2014stellt Nancy sicher, dass Kempen das tut, was es am besten kann: Versprechen einhalten und stets Qualit\u00e4t liefern.  <\/p>\n<p>Nancy glaubt an F\u00fchrung mit Vision: \u201eIch f\u00fchle mich verantwortlich f\u00fcr das Team und den Erfolg des Unternehmens, aber das erreichen wir nur, wenn wir zusammenarbeiten und das Beste aus uns herausholen.<\/p>\n<p>[\/et_pb_text][\/et_pb_column][\/et_pb_row][\/et_pb_section][et_pb_section fb_built=&#8220;1&#8243; custom_padding_last_edited=&#8220;on|phone&#8220; _builder_version=&#8220;4.25.2&#8243; _module_preset=&#8220;default&#8220; background_image=&#8220;https:\/\/kempentransport.nl\/wp-content\/uploads\/2025\/01\/Kempen-onze-geschiedenis-2.webp&#8220; background_enable_video_mp4=&#8220;off&#8220; z_index=&#8220;999&#8243; custom_padding=&#8220;35vh||10vh||false|false&#8220; custom_padding_tablet=&#8220;10vh||10vh||true|false&#8220; custom_padding_phone=&#8220;10vh||10vh||true|false&#8220; border_color_bottom=&#8220;#e21e18&#8243; locked=&#8220;off&#8220; global_colors_info=&#8220;{}&#8220;][\/et_pb_section][et_pb_section fb_built=&#8220;1&#8243; custom_padding_last_edited=&#8220;on|tablet&#8220; _builder_version=&#8220;4.25.1&#8243; _module_preset=&#8220;default&#8220; custom_margin=&#8220;0px||0px||false|false&#8220; custom_padding=&#8220;180px||0px||false|false&#8220; custom_padding_tablet=&#8220;120px||0px||false|false&#8220; custom_padding_phone=&#8220;90px||||false|false&#8220; locked=&#8220;off&#8220; global_colors_info=&#8220;{}&#8220;][et_pb_row column_structure=&#8220;1_2,1_2&#8243; use_custom_gutter=&#8220;on&#8220; gutter_width=&#8220;2&#8243; make_equal=&#8220;on&#8220; _builder_version=&#8220;4.25.2&#8243; _module_preset=&#8220;default&#8220; max_width=&#8220;1440px&#8220; background_image_width_phone=&#8220;300px&#8220; background_position_tablet=&#8220;top_left&#8220; background_position_phone=&#8220;top_right&#8220; background_horizontal_offset_tablet=&#8220;-65px&#8220; background_horizontal_offset_phone=&#8220;0px&#8220; background_vertical_offset_tablet=&#8220;11%&#8220; background_vertical_offset_phone=&#8220;2%&#8220; global_colors_info=&#8220;{}&#8220;][et_pb_column type=&#8220;1_2&#8243; _builder_version=&#8220;4.25.1&#8243; _module_preset=&#8220;default&#8220; custom_padding=&#8220;||||false|false&#8220; global_colors_info=&#8220;{}&#8220;][et_pb_image src=&#8220;https:\/\/kempentransport.nl\/wp-content\/uploads\/2025\/01\/Kempen-onze-geschiedenis-def.webp&#8220; title_text=&#8220;Kempen-onze geschiedenis-def&#8220; _builder_version=&#8220;4.25.2&#8243; _module_preset=&#8220;default&#8220; global_colors_info=&#8220;{}&#8220;][\/et_pb_image][\/et_pb_column][et_pb_column type=&#8220;1_2&#8243; _builder_version=&#8220;4.25.1&#8243; _module_preset=&#8220;default&#8220; custom_padding=&#8220;|||127px|false|false&#8220; custom_padding_tablet=&#8220;80px|||0px|false|false&#8220; custom_padding_phone=&#8220;55px||||false|false&#8220; custom_padding_last_edited=&#8220;on|tablet&#8220; custom_css_main_element=&#8220;margin:auto;&#8220; global_colors_info=&#8220;{}&#8220;][et_pb_text _builder_version=&#8220;4.25.2&#8243; _module_preset=&#8220;default&#8220; header_font=&#8220;Inter|800|||||||&#8220; header_text_color=&#8220;#191C36&#8243; header_font_size=&#8220;50px&#8220; custom_margin=&#8220;||30px||false|false&#8220; global_colors_info=&#8220;{}&#8220;]<\/p>\n<h1>Die Zukunft von Kempen Transport<\/h1>\n<p>[\/et_pb_text][et_pb_text _builder_version=&#8220;4.25.2&#8243; _module_preset=&#8220;default&#8220; text_font=&#8220;DM Sans||||||||&#8220; text_font_size=&#8220;16px&#8220; global_colors_info=&#8220;{}&#8220;]<\/p>\n<p>Bei Kempen Transport bleiben wir unseren Wurzeln treu, blicken aber immer nach vorne. <strong>Unser Zeil ist es nicht, zu wachsen, sondern der Beste zu bleiben<\/strong> Mit den neuesten Technologien und intelligenten L\u00f6sungen innovieren wir weiter, ohne Kompromisse bei der Qualit\u00e4t einzugehen, die uns seit Generationen auszeichnet.<\/p>\n<p>Die vierte Generation ist bereits im Unternehmen aktiv und wird auf die Zukunft vorbereitet. Wohin diese Zukunft f\u00fchrt? Eines ist sicher: Wir werden weiterhin an unserem Familienunternehmen arbeiten, mit derselben Hingabe und Leidenschaft, die uns seit fast 100 Jahren antreibt.<\/p>\n<p><strong>Kempen Transport ist mehr als nur ein Transportunternehmen. Wir sind Ihr Partner f\u00fcr den temperaturgef\u00fchrten Transport von Obst und Gem\u00fcse\u2014heute und in der <\/strong><strong>Zukunft.<\/strong><\/p>\n<p>&nbsp;<\/p>\n<p>[\/et_pb_text][et_pb_button button_text=&#8220;Zusammenarbeiten?&#8220; _builder_version=&#8220;4.25.2&#8243; _module_preset=&#8220;default&#8220; custom_button=&#8220;on&#8220; button_text_size=&#8220;16px&#8220; button_text_color=&#8220;#FFFFFF&#8220; button_bg_color=&#8220;#EA9000&#8243; button_border_width=&#8220;3px&#8220; button_border_color=&#8220;#EA9000&#8243; button_border_radius=&#8220;10px&#8220; button_font=&#8220;Inter|800|||||||&#8220; button_icon=&#8220;&#xf1d8;||fa||400&#8243; custom_margin=&#8220;29px|||||&#8220; custom_padding=&#8220;10px||10px||true|false&#8220; locked=&#8220;off&#8220; global_colors_info=&#8220;{}&#8220; button_bg_color__hover_enabled=&#8220;on|hover&#8220; button_bg_color__hover=&#8220;#EA9000&#8243; button_bg_enable_color__hover=&#8220;on&#8220; button_text_color__hover_enabled=&#8220;on|hover&#8220; button_text_color__hover=&#8220;#FFFFFF&#8220;][\/et_pb_button][\/et_pb_column][\/et_pb_row][\/et_pb_section]<\/p>\n","protected":false},"excerpt":{"rendered":"<p>Fast 100 Jahre unterwegsVon Pferd und Wagen bis hin zu modernen K\u00fchltrailernVon Pferd und Wagen bis hin zu modernen K\u00fchlanh\u00e4ngern\u2014Kempen Transport w\u00e4chst seit 1928 mit einem Ziel: der Beste im temperaturgef\u00fchrten Transport zu bleiben. Was in Tegelen begann, mit Graad Kempen, der Tonwaren zwischen Tegelen und Maastricht transportierte, ist heute ein Familienunternehmen mit mehr als [&hellip;]<\/p>\n","protected":false},"author":1,"featured_media":0,"parent":0,"menu_order":6,"comment_status":"closed","ping_status":"closed","template":"","meta":{"_et_pb_use_builder":"on","_et_pb_old_content":"","_et_gb_content_width":"","inline_featured_image":false,"footnotes":""},"dipi_cpt_category":[],"_links":{"self":[{"href":"https:\/\/kempentransport.nl\/de\/wp-json\/wp\/v2\/pages\/26043668"}],"collection":[{"href":"https:\/\/kempentransport.nl\/de\/wp-json\/wp\/v2\/pages"}],"about":[{"href":"https:\/\/kempentransport.nl\/de\/wp-json\/wp\/v2\/types\/page"}],"author":[{"embeddable":true,"href":"https:\/\/kempentransport.nl\/de\/wp-json\/wp\/v2\/users\/1"}],"replies":[{"embeddable":true,"href":"https:\/\/kempentransport.nl\/de\/wp-json\/wp\/v2\/comments?post=26043668"}],"version-history":[{"count":4,"href":"https:\/\/kempentransport.nl\/de\/wp-json\/wp\/v2\/pages\/26043668\/revisions"}],"predecessor-version":[{"id":27004594,"href":"https:\/\/kempentransport.nl\/de\/wp-json\/wp\/v2\/pages\/26043668\/revisions\/27004594"}],"wp:attachment":[{"href":"https:\/\/kempentransport.nl\/de\/wp-json\/wp\/v2\/media?parent=26043668"}],"wp:term":[{"taxonomy":"dipi_cpt_category","embeddable":true,"href":"https:\/\/kempentransport.nl\/de\/wp-json\/wp\/v2\/dipi_cpt_category?post=26043668"}],"curies":[{"name":"wp","href":"https:\/\/api.w.org\/{rel}","templated":true}]}}